{"id":2370,"date":"2017-03-14T09:58:52","date_gmt":"2017-03-14T09:58:52","guid":{"rendered":"http:\/\/iamcercocasa.it\/?page_id=2370"},"modified":"2017-03-14T09:58:52","modified_gmt":"2017-03-14T09:58:52","slug":"massimo-family","status":"publish","type":"page","link":"http:\/\/iamcercocasa.it\/index.php\/massimo-family\/","title":{"rendered":"Massimo &#038; Family"},"content":{"rendered":"<p><img decoding=\"async\" loading=\"lazy\" class=\"aligncenter size-full wp-image-1514\" src=\"http:\/\/iamcercocasa.it\/wp-content\/uploads\/2016\/03\/Icona-tipologia.jpg\" alt=\"Tipologia I am cerco casa Trieste\" width=\"101\" height=\"106\" \/><\/p>\n<p style=\"text-align: center;\">Villa con giardino di propriet\u00e0<\/p>\n<p style=\"text-align: center;\"><img decoding=\"async\" loading=\"lazy\" class=\"aligncenter size-full wp-image-1511\" src=\"http:\/\/iamcercocasa.it\/wp-content\/uploads\/2016\/03\/Icona-cucina.jpg\" alt=\"Icona cucina\" width=\"101\" height=\"106\" srcset=\"http:\/\/iamcercocasa.it\/wp-content\/uploads\/2016\/03\/Icona-cucina.jpg 300w, http:\/\/iamcercocasa.it\/wp-content\/uploads\/2016\/03\/Icona-cucina-285x300.jpg 285w, http:\/\/iamcercocasa.it\/wp-content\/uploads\/2016\/03\/Icona-cucina-139x146.jpg 139w, http:\/\/iamcercocasa.it\/wp-content\/uploads\/2016\/03\/Icona-cucina-47x50.jpg 47w, http:\/\/iamcercocasa.it\/wp-content\/uploads\/2016\/03\/Icona-cucina-104x110.jpg 104w\" sizes=\"(max-width: 101px) 100vw, 101px\" \/><br \/>\nIndifferente anche open space<\/p>\n<p style=\"text-align: center;\"><img decoding=\"async\" loading=\"lazy\" class=\"wp-image-1516 aligncenter\" src=\"http:\/\/iamcercocasa.it\/wp-content\/uploads\/2016\/03\/Icona-zona-giorno.jpg\" alt=\"Icona zona giorno\" width=\"101\" height=\"106\" \/><\/p>\n<p style=\"text-align: center;\">amp\u00e8ia e luminosa<\/p>\n<p><img decoding=\"async\" loading=\"lazy\" class=\"wp-image-1510 aligncenter\" src=\"http:\/\/iamcercocasa.it\/wp-content\/uploads\/2016\/03\/Icona-camera-da-letto.jpg\" alt=\"Icona camera da letto\" width=\"101\" height=\"106\" \/><\/p>\n<p style=\"text-align: center;\">3 o 4<\/p>\n<p style=\"text-align: center;\"><img decoding=\"async\" loading=\"lazy\" class=\"aligncenter size-full wp-image-1509\" src=\"http:\/\/iamcercocasa.it\/wp-content\/uploads\/2016\/03\/Icona-bagno.jpg\" alt=\"Icona bagno\" width=\"101\" height=\"106\" \/><\/p>\n<p style=\"text-align: center;\">almeno 2<\/p>\n<p style=\"text-align: center;\"><img decoding=\"async\" loading=\"lazy\" class=\"aligncenter size-full wp-image-1523\" src=\"http:\/\/iamcercocasa.it\/wp-content\/uploads\/2016\/03\/Icona-ascensore-2.jpg\" alt=\"Icona ascensore 2\" width=\"101\" height=\"106\" \/><br \/>\nAlto<\/p>\n<p style=\"text-align: center;\"><img decoding=\"async\" loading=\"lazy\" class=\"aligncenter size-full wp-image-1522\" src=\"http:\/\/iamcercocasa.it\/wp-content\/uploads\/2016\/03\/Icona-ascensore.jpg\" alt=\"Scensore Trieste - I am cerco casa\" width=\"101\" height=\"106\" \/><br \/>\nND<\/p>\n<p style=\"text-align: center;\"><img decoding=\"async\" loading=\"lazy\" class=\"aligncenter size-full wp-image-1512\" src=\"http:\/\/iamcercocasa.it\/wp-content\/uploads\/2016\/03\/Icona-esterno.png\" alt=\"Terrazza e\/o giardino trieste - I am cerco casa\" width=\"101\" height=\"106\" \/><br \/>\nminimo 200 mq<\/p>\n<p style=\"text-align: center;\"><img decoding=\"async\" loading=\"lazy\" class=\"aligncenter size-full wp-image-1524\" src=\"http:\/\/iamcercocasa.it\/wp-content\/uploads\/2016\/03\/Icona-valore-aggiunto.jpg\" alt=\"Valore aggiunto trieste - I am cerco casa\" width=\"101\" height=\"106\" \/><br \/>\npanoramicit\u00e0<\/p>\n","protected":false},"excerpt":{"rendered":"<p>Villa con giardino di propriet\u00e0 Indifferente anche open space amp\u00e8ia e luminosa 3 o 4 almeno 2 Alto ND minimo 200 mq panoramicit\u00e0<\/p>\n","protected":false},"author":1,"featured_media":0,"parent":0,"menu_order":0,"comment_status":"closed","ping_status":"closed","template":"","meta":[],"_links":{"self":[{"href":"http:\/\/iamcercocasa.it\/index.php\/wp-json\/wp\/v2\/pages\/2370"}],"collection":[{"href":"http:\/\/iamcercocasa.it\/index.php\/wp-json\/wp\/v2\/pages"}],"about":[{"href":"http:\/\/iamcercocasa.it\/index.php\/wp-json\/wp\/v2\/types\/page"}],"author":[{"embeddable":true,"href":"http:\/\/iamcercocasa.it\/index.php\/wp-json\/wp\/v2\/users\/1"}],"replies":[{"embeddable":true,"href":"http:\/\/iamcercocasa.it\/index.php\/wp-json\/wp\/v2\/comments?post=2370"}],"version-history":[{"count":2,"href":"http:\/\/iamcercocasa.it\/index.php\/wp-json\/wp\/v2\/pages\/2370\/revisions"}],"predecessor-version":[{"id":2372,"href":"http:\/\/iamcercocasa.it\/index.php\/wp-json\/wp\/v2\/pages\/2370\/revisions\/2372"}],"wp:attachment":[{"href":"http:\/\/iamcercocasa.it\/index.php\/wp-json\/wp\/v2\/media?parent=2370"}],"curies":[{"name":"wp","href":"https:\/\/api.w.org\/{rel}","templated":true}]}}